{"id":9356,"date":"2025-05-11T13:02:08","date_gmt":"2025-05-11T11:02:08","guid":{"rendered":"https:\/\/educavel.com\/?post_type=product&#038;p=9356"},"modified":"2025-11-16T20:19:13","modified_gmt":"2025-11-16T20:19:13","slug":"o-poder-de-liderar-com-inteligencia-emocional-no-mundo-moderno","status":"publish","type":"product","link":"https:\/\/educavel.com\/ebooks\/produto\/o-poder-de-liderar-com-inteligencia-emocional-no-mundo-moderno\/","title":{"rendered":"O Poder de Liderar com Intelig\u00eancia Emocional no Mundo Moderno"},"content":{"rendered":"<h3 class=\"\" data-start=\"177\" data-end=\"249\"><strong data-start=\"181\" data-end=\"247\">O Poder de Liderar com Intelig\u00eancia Emocional no Mundo Moderno<\/strong><\/h3>\n<p class=\"\" data-start=\"250\" data-end=\"272\"><strong data-start=\"250\" data-end=\"272\">por Nereyda Ah-Hoy<\/strong><\/p>\n<p class=\"\" data-start=\"274\" data-end=\"451\">Num mundo onde liderar exige mais do que compet\u00eancia t\u00e9cnica, este eBook \u00e9 um verdadeiro guia de transforma\u00e7\u00e3o para quem deseja liderar com empatia, equil\u00edbrio e consci\u00eancia.<\/p>\n<p class=\"\" data-start=\"453\" data-end=\"804\"><strong data-start=\"453\" data-end=\"521\">&#8220;O Poder de Liderar com Intelig\u00eancia Emocional no Mundo Moderno&#8221;<\/strong> oferece uma fus\u00e3o poderosa entre conhecimento cient\u00edfico, insights de best sellers mundiais sobre Intelig\u00eancia Emocional e Lideran\u00e7a, e a experi\u00eancia pessoal da autora \u2014 terapeuta, empreendedora e mulher que vive diariamente os desafios de liderar com o cora\u00e7\u00e3o e a mente alinhados.<\/p>\n<p class=\"\" data-start=\"806\" data-end=\"847\">Ao longo destas p\u00e1ginas, voc\u00ea encontrar\u00e1:<\/p>\n<ul data-start=\"848\" data-end=\"1133\">\n<li class=\"\" data-start=\"848\" data-end=\"915\">\n<p class=\"\" data-start=\"850\" data-end=\"915\">Estrat\u00e9gias pr\u00e1ticas para desenvolver sua intelig\u00eancia emocional.<\/p>\n<\/li>\n<li class=\"\" data-start=\"916\" data-end=\"975\">\n<p class=\"\" data-start=\"918\" data-end=\"975\">Reflex\u00f5es profundas sobre o papel do l\u00edder no s\u00e9culo XXI.<\/p>\n<\/li>\n<li class=\"\" data-start=\"976\" data-end=\"1048\">\n<p class=\"\" data-start=\"978\" data-end=\"1048\">Ferramentas para melhorar sua comunica\u00e7\u00e3o, empatia e gest\u00e3o emocional.<\/p>\n<\/li>\n<li class=\"\" data-start=\"1049\" data-end=\"1133\">\n<p class=\"\" data-start=\"1051\" data-end=\"1133\">Um convite \u00e0 autoconsci\u00eancia e ao bem-estar como pilares da lideran\u00e7a sustent\u00e1vel.<\/p>\n<\/li>\n<\/ul>\n<p class=\"\" data-start=\"1135\" data-end=\"1456\">Este eBook \u00e9 um recurso essencial para homens e mulheres que ocupam ou aspiram a posi\u00e7\u00f5es de lideran\u00e7a, seja no mundo corporativo, no empreendedorismo, ou na vida pessoal.<br data-start=\"1306\" data-end=\"1309\" \/>Em tempos de crise, press\u00e3o e esgotamento, liderar com prop\u00f3sito e humanidade tornou-se uma urg\u00eancia \u2014 e este livro pode ser o seu ponto de virada.<\/p>\n<p class=\"\" data-start=\"1458\" data-end=\"1586\">Se voc\u00ea deseja influenciar, inspirar e construir rela\u00e7\u00f5es de confian\u00e7a enquanto cuida de si e dos outros, este guia \u00e9 para si.<\/p>\n","protected":false},"excerpt":{"rendered":"<p><span class=\"s4\">Este eBook apresenta uma fus\u00e3o de ideias, insights e descobertas de alguns dos maiores best sellers mundiais sobre Intelig\u00eancia Emociona<\/span><span class=\"s4\">l, Gest\u00e3o Emocional e Lideran\u00e7a, assim como insights da pr<\/span><span class=\"s4\">\u00f3<\/span><span class=\"s4\">pria autora.<\/span><\/p>\n","protected":false},"featured_media":17875,"comment_status":"open","ping_status":"closed","template":"","meta":{"_acf_changed":false},"product_brand":[],"product_cat":[107],"product_tag":[],"class_list":{"0":"post-9356","1":"product","2":"type-product","3":"status-publish","4":"has-post-thumbnail","6":"product_cat-ebooks","8":"first","9":"instock","10":"downloadable","11":"virtual","12":"sold-individually","13":"taxable","14":"purchasable","15":"product-type-simple"},"acf":[],"jetpack_sharing_enabled":true,"_links":{"self":[{"href":"https:\/\/educavel.com\/ebooks\/wp-json\/wp\/v2\/product\/9356","targetHints":{"allow":["GET"]}}],"collection":[{"href":"https:\/\/educavel.com\/ebooks\/wp-json\/wp\/v2\/product"}],"about":[{"href":"https:\/\/educavel.com\/ebooks\/wp-json\/wp\/v2\/types\/product"}],"replies":[{"embeddable":true,"href":"https:\/\/educavel.com\/ebooks\/wp-json\/wp\/v2\/comments?post=9356"}],"wp:featuredmedia":[{"embeddable":true,"href":"https:\/\/educavel.com\/ebooks\/wp-json\/wp\/v2\/media\/17875"}],"wp:attachment":[{"href":"https:\/\/educavel.com\/ebooks\/wp-json\/wp\/v2\/media?parent=9356"}],"wp:term":[{"taxonomy":"product_brand","embeddable":true,"href":"https:\/\/educavel.com\/ebooks\/wp-json\/wp\/v2\/product_brand?post=9356"},{"taxonomy":"product_cat","embeddable":true,"href":"https:\/\/educavel.com\/ebooks\/wp-json\/wp\/v2\/product_cat?post=9356"},{"taxonomy":"product_tag","embeddable":true,"href":"https:\/\/educavel.com\/ebooks\/wp-json\/wp\/v2\/product_tag?post=9356"}],"curies":[{"name":"wp","href":"https:\/\/api.w.org\/{rel}","templated":true}]}}